{"id":177,"date":"2023-06-06T21:56:24","date_gmt":"2023-06-06T21:56:24","guid":{"rendered":"https:\/\/jmical.cl\/wp\/?page_id=27"},"modified":"2026-03-17T19:59:47","modified_gmt":"2026-03-17T19:59:47","slug":"informacion-practica","status":"publish","type":"page","link":"https:\/\/liquencentroculturalvillarrica.cl\/?page_id=177","title":{"rendered":"Informaci\u00f3n Pr\u00e1ctica"},"content":{"rendered":"\n<div style=\"height:70px\" aria-hidden=\"true\" class=\"wp-block-spacer\"><\/div>\n\n\n\n<h1 class=\"wp-block-heading has-text-align-center\"><mark style=\"background-color:rgba(0, 0, 0, 0)\" class=\"has-inline-color has-neve-link-color-color\">INFORMACI\u00d3N PR\u00c1CTICA<\/mark><\/h1>\n\n\n\n<hr class=\"wp-block-separator alignwide has-text-color has-nv-light-bg-color has-alpha-channel-opacity has-nv-light-bg-background-color has-background\"\/>\n\n\n\n<div class=\"wp-block-group alignwide\"><div class=\"wp-block-group__inner-container is-layout-constrained wp-block-group-is-layout-constrained\">\n<h3 class=\"wp-block-heading alignwide\"><strong><mark style=\"background-color:rgba(0, 0, 0, 0)\" class=\"has-inline-color has-neve-link-hover-color-color\">Fomento a la cultura y el arte<\/mark><\/strong><\/h3>\n\n\n\n<p>Liquen es un espacio que se dedica al desarrollo de la cultura y el arte. Destinando recursos que promueven esta \u00e1rea. <br>Siempre se tendr\u00e1 prioridad en respaldar actividades que competan al rubro. Existiendo un espacio que invita a los artistas locales, nacionales e internacionales a entregar <\/p>\n<\/div><\/div>\n\n\n\n<div class=\"wp-block-group alignwide\"><div class=\"wp-block-group__inner-container is-layout-constrained wp-block-group-is-layout-constrained\">\n<h3 class=\"wp-block-heading\"><strong><mark style=\"background-color:rgba(0, 0, 0, 0)\" class=\"has-inline-color has-neve-link-hover-color-color\">Actividades gratuitas<\/mark><\/strong><\/h3>\n\n\n\n<p>Las actividades, que son organizadas por Liquen Centro Cultural, son financiadas por el Municipio de Villarrica, destinadas para los habitantes de la comuna de Villarrica. Casi el total de las actividades que se realizan en Liquen son con entrada liberada, la cual pueden venir a retirar con anticipaci\u00f3n para asegurar su butaca en caso de que el evento sea masivo.<\/p>\n\n\n\n<p>Por otra parte, tambi\u00e9n se realizan colaboraciones con otras organizaciones o independientes, en donde la figura encargada define un valor para su taller o presentaci\u00f3n (por ejemplo). <\/p>\n<\/div><\/div>\n\n\n\n<div class=\"wp-block-group\"><div class=\"wp-block-group__inner-container is-layout-constrained wp-block-group-is-layout-constrained\">\n<div class=\"wp-block-group alignwide\"><div class=\"wp-block-group__inner-container is-layout-constrained wp-block-group-is-layout-constrained\">\n<h3 class=\"wp-block-heading\"><strong><mark style=\"background-color:rgba(0, 0, 0, 0)\" class=\"has-inline-color has-neve-link-hover-color-color\">Actividades art\u00edstico culturales<\/mark><\/strong><\/h3>\n\n\n\n<p>En Liquen no solo se realizan presentaciones y talleres. Tambi\u00e9n estamos constantemente gestionando y desarrollando actividades que ayuden a enriquecer el arte desde nuestra localidad. Apoyando y promoviendo el uso de nuestros espacios para la comunidad. <br>Es as\u00ed como se han realizado distintos festivales, grabaciones y lanzamientos de discos, exposiciones de artistas y agrupaciones locales, puestas en valor de objetos patrimoniales, todo gracias al trabajo colectivo que se busca con y para la comunidad. <\/p>\n<\/div><\/div>\n<\/div><\/div>\n\n\n\n<div class=\"wp-block-group alignwide\"><div class=\"wp-block-group__inner-container is-layout-constrained wp-block-group-is-layout-constrained\">\n<h3 class=\"wp-block-heading\"><strong><mark style=\"background-color:rgba(0, 0, 0, 0)\" class=\"has-inline-color has-neve-link-hover-color-color\">Servicios y solicitudes<\/mark><\/strong><\/h3>\n\n\n\n<p>Liquen tiene accesibilidad para quienes quieran realizar actividades o iniciar una solicitud de espacio. Cabe destacar que frecuentemente existe una alta demanda de actividades, por ello pedimos su comprensi\u00f3n. <br>Para saber m\u00e1s sobre c\u00f3mo es el proceso y que se debe hacer dir\u00edgete a<a href=\"https:\/\/liquencentroculturalvillarrica.cl\/?page_id=119\" data-type=\"link\" data-id=\"https:\/\/liquencentroculturalvillarrica.cl\/?page_id=119\"> Servicios y Solicitudes<\/a>.<\/p>\n<\/div><\/div>\n\n\n\n<div class=\"wp-block-group alignwide\"><div class=\"wp-block-group__inner-container is-layout-constrained wp-block-group-is-layout-constrained\">\n<h3 class=\"wp-block-heading\"><strong><mark style=\"background-color:rgba(0, 0, 0, 0)\" class=\"has-inline-color has-neve-link-hover-color-color\">Talleres<\/mark><\/strong> <mark style=\"background-color:rgba(0, 0, 0, 0)\" class=\"has-inline-color has-neve-link-hover-color-color\">y elencos estables<\/mark> <\/h3>\n\n\n\n<p>En Liquen Centro Cultural tenemos varios talleres y elencos en los cuales pueden participar dependiendo de los requisitos que tenga cada uno. Por ejemplo, el a\u00f1o 2023 tuvimos talleres de teatro, de guitarra cl\u00e1sica y de escritura creativa para los cuales deb\u00edan completar una ficha de inscripci\u00f3n en la recepci\u00f3n de Liquen, para luego ser llamados o agregados al grupo si alcanzaban cupo y\/o cumpl\u00edan con los requisitos solicitados.<\/p>\n\n\n\n<p>Por otro lado, existen los elencos estables tales como el elenco de Danza y elenco Musical del Ballet Folcl\u00f3rico Municipal de Villarrica, Danza Contempor\u00e1nea, Orquesta Infanto Juvenil, Coro L\u00edrico y Coro Infanto Juvenil. Para poder ingresar a uno de ellos se debe realizar una audici\u00f3n con el monitor de dicho elenco, las cuales informamos con anticipaci\u00f3n en nuestras redes sociales.<\/p>\n\n\n\n<p>Solicitamos responsabilidad y compromiso, ya que la inasistencia y deserci\u00f3n perjudica a quienes no pudieron conseguir un cupo.<br>Los <strong>periodos de talleres<\/strong> m\u00e1s recurrentes son los de <strong>temporada de verano<\/strong>, iniciando sus inscripciones durante enero. Y los que se imparten <strong>anualmente<\/strong>, iniciando sus inscripciones durante marzo. <\/p>\n<\/div><\/div>\n\n\n\n<div class=\"wp-block-group alignwide is-vertical is-layout-flex wp-container-core-group-is-layout-8cf370e7 wp-block-group-is-layout-flex\">\n<div style=\"height:0px\" aria-hidden=\"true\" class=\"wp-block-spacer wp-container-content-62aae154\"><\/div>\n\n\n\n<div style=\"height:0px\" aria-hidden=\"true\" class=\"wp-block-spacer wp-container-content-728072c3\"><\/div>\n\n\n\n<div style=\"height:0px\" aria-hidden=\"true\" class=\"wp-block-spacer wp-container-content-728072c3\"><\/div>\n\n\n\n<h3 class=\"wp-block-heading\"><strong><mark style=\"background-color:rgba(0, 0, 0, 0)\" class=\"has-inline-color has-neve-link-hover-color-color\">Informaci\u00f3n personalizada<\/mark><\/strong><\/h3>\n\n\n\n<p>Si necesitas m\u00e1s informaci\u00f3n no dudes en contactaros a tel\u00e9fonos de martes a s\u00e1bado en el horario de 9:00 a 14:00 horas y 15:00 a 19:00 horas<\/p>\n\n\n\n<p>Nuestro tel\u00e9fono de contacto es&nbsp;<strong>+56 9 7493 6797<\/strong><\/p>\n\n\n\n<p><\/p>\n<\/div>\n\n\n\n<div style=\"height:40px\" aria-hidden=\"true\" class=\"wp-block-spacer\"><\/div>\n\n\n\n<div class=\"wp-block-columns alignwide is-layout-flex wp-container-core-columns-is-layout-9d6595d7 wp-block-columns-is-layout-flex\">\n<div class=\"wp-block-column is-layout-flow wp-block-column-is-layout-flow\"><div class=\"wp-block-image\">\n<figure class=\"aligncenter size-full is-resized\"><a href=\"https:\/\/liquencentroculturalvillarrica.cl\/?page_id=174\"><img loading=\"lazy\" decoding=\"async\" width=\"994\" height=\"994\" src=\"https:\/\/liquencentroculturalvillarrica.cl\/wp-content\/uploads\/2023\/10\/talleres.png\" alt=\"\" class=\"wp-image-1354\" style=\"width:202px\" srcset=\"https:\/\/liquencentroculturalvillarrica.cl\/wp-content\/uploads\/2023\/10\/talleres.png 994w, https:\/\/liquencentroculturalvillarrica.cl\/wp-content\/uploads\/2023\/10\/talleres-300x300.png 300w, https:\/\/liquencentroculturalvillarrica.cl\/wp-content\/uploads\/2023\/10\/talleres-150x150.png 150w, https:\/\/liquencentroculturalvillarrica.cl\/wp-content\/uploads\/2023\/10\/talleres-768x768.png 768w\" sizes=\"auto, (max-width: 994px) 100vw, 994px\" \/><\/a><\/figure>\n<\/div>\n\n\n<div style=\"height:50px\" aria-hidden=\"true\" class=\"wp-block-spacer\"><\/div>\n\n\n\n<div class=\"wp-block-buttons is-content-justification-center is-layout-flex wp-container-core-buttons-is-layout-16018d1d wp-block-buttons-is-layout-flex\">\n<div class=\"wp-block-button is-style-primary\"><a class=\"wp-block-button__link wp-element-button\" href=\"https:\/\/liquencentroculturalvillarrica.cl\/?page_id=174\">QUIENES SOMOS<\/a><\/div>\n<\/div>\n<\/div>\n\n\n\n<div class=\"wp-block-column is-layout-flow wp-block-column-is-layout-flow\"><div class=\"wp-block-image\">\n<figure class=\"aligncenter size-full is-resized\"><a href=\"https:\/\/liquencentroculturalvillarrica.cl\/?page_id=523\"><img loading=\"lazy\" decoding=\"async\" width=\"994\" height=\"994\" src=\"https:\/\/liquencentroculturalvillarrica.cl\/wp-content\/uploads\/2023\/10\/Recurso-10.png\" alt=\"\" class=\"wp-image-1357\" style=\"width:202px\" srcset=\"https:\/\/liquencentroculturalvillarrica.cl\/wp-content\/uploads\/2023\/10\/Recurso-10.png 994w, https:\/\/liquencentroculturalvillarrica.cl\/wp-content\/uploads\/2023\/10\/Recurso-10-300x300.png 300w, https:\/\/liquencentroculturalvillarrica.cl\/wp-content\/uploads\/2023\/10\/Recurso-10-150x150.png 150w, https:\/\/liquencentroculturalvillarrica.cl\/wp-content\/uploads\/2023\/10\/Recurso-10-768x768.png 768w\" sizes=\"auto, (max-width: 994px) 100vw, 994px\" \/><\/a><\/figure>\n<\/div>\n\n\n<div style=\"height:50px\" aria-hidden=\"true\" class=\"wp-block-spacer\"><\/div>\n\n\n\n<div class=\"wp-block-buttons is-content-justification-center is-layout-flex wp-container-core-buttons-is-layout-16018d1d wp-block-buttons-is-layout-flex\">\n<div class=\"wp-block-button is-style-primary\"><a class=\"wp-block-button__link wp-element-button\" href=\"https:\/\/liquencentroculturalvillarrica.cl\/?page_id=523\">PREGUNTAS FRECUENTES<\/a><\/div>\n<\/div>\n<\/div>\n\n\n\n<div class=\"wp-block-column is-layout-flow wp-block-column-is-layout-flow\"><div class=\"wp-block-image\">\n<figure class=\"aligncenter size-full is-resized\"><img loading=\"lazy\" decoding=\"async\" width=\"994\" height=\"994\" src=\"https:\/\/liquencentroculturalvillarrica.cl\/wp-content\/uploads\/2023\/10\/Recurso-9.png\" alt=\"\" class=\"wp-image-1356\" style=\"width:202px\" srcset=\"https:\/\/liquencentroculturalvillarrica.cl\/wp-content\/uploads\/2023\/10\/Recurso-9.png 994w, https:\/\/liquencentroculturalvillarrica.cl\/wp-content\/uploads\/2023\/10\/Recurso-9-300x300.png 300w, https:\/\/liquencentroculturalvillarrica.cl\/wp-content\/uploads\/2023\/10\/Recurso-9-150x150.png 150w, https:\/\/liquencentroculturalvillarrica.cl\/wp-content\/uploads\/2023\/10\/Recurso-9-768x768.png 768w\" sizes=\"auto, (max-width: 994px) 100vw, 994px\" \/><\/figure>\n<\/div>\n\n\n<div style=\"height:50px\" aria-hidden=\"true\" class=\"wp-block-spacer\"><\/div>\n\n\n\n<div class=\"wp-block-buttons is-content-justification-center is-layout-flex wp-container-core-buttons-is-layout-16018d1d wp-block-buttons-is-layout-flex\">\n<div class=\"wp-block-button is-style-primary\"><a class=\"wp-block-button__link wp-element-button\" href=\"https:\/\/liquencentroculturalvillarrica.cl\/?page_id=119\">SERVICIOS Y SOLICITUDES<\/a><\/div>\n<\/div>\n<\/div>\n<\/div>\n\n\n\n<div style=\"height:80px\" aria-hidden=\"true\" class=\"wp-block-spacer\"><\/div>\n\n\n\n<hr class=\"wp-block-separator alignwide has-text-color has-nv-light-bg-color has-alpha-channel-opacity has-nv-light-bg-background-color has-background\"\/>\n\n\n\n<div style=\"height:80px\" aria-hidden=\"true\" class=\"wp-block-spacer\"><\/div>\n\n\n\n<div class=\"wp-block-columns alignwide is-layout-flex wp-container-core-columns-is-layout-9d6595d7 wp-block-columns-is-layout-flex\">\n<div class=\"wp-block-column is-vertically-aligned-bottom is-layout-flow wp-block-column-is-layout-flow\"><div class=\"wp-block-image\">\n<figure class=\"alignleft size-large is-resized\"><img loading=\"lazy\" decoding=\"async\" width=\"1024\" height=\"392\" src=\"https:\/\/liquencentroculturalvillarrica.cl\/wp-content\/uploads\/2023\/08\/aplicaciones_horizontal_VIM-01-1024x392.png\" alt=\"\" class=\"wp-image-679\" style=\"width:300px\" srcset=\"https:\/\/liquencentroculturalvillarrica.cl\/wp-content\/uploads\/2023\/08\/aplicaciones_horizontal_VIM-01-1024x392.png 1024w, https:\/\/liquencentroculturalvillarrica.cl\/wp-content\/uploads\/2023\/08\/aplicaciones_horizontal_VIM-01-300x115.png 300w, https:\/\/liquencentroculturalvillarrica.cl\/wp-content\/uploads\/2023\/08\/aplicaciones_horizontal_VIM-01-768x294.png 768w, https:\/\/liquencentroculturalvillarrica.cl\/wp-content\/uploads\/2023\/08\/aplicaciones_horizontal_VIM-01-1536x587.png 1536w, https:\/\/liquencentroculturalvillarrica.cl\/wp-content\/uploads\/2023\/08\/aplicaciones_horizontal_VIM-01-2048x783.png 2048w\" sizes=\"auto, (max-width: 1024px) 100vw, 1024px\" \/><\/figure>\n<\/div><\/div>\n\n\n\n<div class=\"wp-block-column is-vertically-aligned-bottom is-layout-flow wp-block-column-is-layout-flow\"><div class=\"wp-block-image\">\n<figure class=\"alignright size-full is-resized\"><img loading=\"lazy\" decoding=\"async\" width=\"870\" height=\"274\" src=\"https:\/\/liquencentroculturalvillarrica.cl\/wp-content\/uploads\/2023\/09\/Recurso-1.png\" alt=\"\" class=\"wp-image-1124\" style=\"width:300px\" srcset=\"https:\/\/liquencentroculturalvillarrica.cl\/wp-content\/uploads\/2023\/09\/Recurso-1.png 870w, https:\/\/liquencentroculturalvillarrica.cl\/wp-content\/uploads\/2023\/09\/Recurso-1-300x94.png 300w, https:\/\/liquencentroculturalvillarrica.cl\/wp-content\/uploads\/2023\/09\/Recurso-1-768x242.png 768w\" sizes=\"auto, (max-width: 870px) 100vw, 870px\" \/><\/figure>\n<\/div><\/div>\n<\/div>\n\n\n\n<figure class=\"wp-block-image alignfull size-large\"><img loading=\"lazy\" decoding=\"async\" width=\"1024\" height=\"25\" src=\"https:\/\/liquencentroculturalvillarrica.cl\/wp-content\/uploads\/2023\/07\/Recurso-1-1024x25.png\" alt=\"\" class=\"wp-image-331\" srcset=\"https:\/\/liquencentroculturalvillarrica.cl\/wp-content\/uploads\/2023\/07\/Recurso-1-1024x25.png 1024w, https:\/\/liquencentroculturalvillarrica.cl\/wp-content\/uploads\/2023\/07\/Recurso-1-300x7.png 300w, https:\/\/liquencentroculturalvillarrica.cl\/wp-content\/uploads\/2023\/07\/Recurso-1-768x19.png 768w, https:\/\/liquencentroculturalvillarrica.cl\/wp-content\/uploads\/2023\/07\/Recurso-1.png 1350w\" sizes=\"auto, (max-width: 1024px) 100vw, 1024px\" \/><\/figure>\n","protected":false},"excerpt":{"rendered":"<p>INFORMACI\u00d3N PR\u00c1CTICA Fomento a la cultura y el arte Liquen es un espacio que se dedica al desarrollo de la cultura y el arte. Destinando recursos que promueven esta \u00e1rea. Siempre se tendr\u00e1 prioridad en respaldar actividades que competan al rubro. Existiendo un espacio que invita a los artistas locales, nacionales e internacionales a entregar&hellip;&nbsp;<a href=\"https:\/\/liquencentroculturalvillarrica.cl\/?page_id=177\" rel=\"bookmark\">Leer m\u00e1s &raquo;<span class=\"screen-reader-text\">Informaci\u00f3n Pr\u00e1ctica<\/span><\/a><\/p>\n","protected":false},"author":1,"featured_media":0,"parent":0,"menu_order":0,"comment_status":"closed","ping_status":"closed","template":"","meta":{"neve_meta_sidebar":"","neve_meta_container":"","neve_meta_enable_content_width":"","neve_meta_content_width":0,"neve_meta_title_alignment":"","neve_meta_author_avatar":"","neve_post_elements_order":"","neve_meta_disable_header":"","neve_meta_disable_footer":"","neve_meta_disable_title":"","footnotes":""},"class_list":["post-177","page","type-page","status-publish","hentry"],"yoast_head":"<!-- This site is optimized with the Yoast SEO plugin v26.7 - https:\/\/yoast.com\/wordpress\/plugins\/seo\/ -->\n<title>Informaci\u00f3n Pr\u00e1ctica - Liquen Centro Cultural<\/title>\n<meta name=\"robots\" content=\"index, follow, max-snippet:-1, max-image-preview:large, max-video-preview:-1\" \/>\n<link rel=\"canonical\" href=\"https:\/\/liquencentroculturalvillarrica.cl\/?page_id=177\" \/>\n<meta property=\"og:locale\" content=\"es_ES\" \/>\n<meta property=\"og:type\" content=\"article\" \/>\n<meta property=\"og:title\" content=\"Informaci\u00f3n Pr\u00e1ctica - Liquen Centro Cultural\" \/>\n<meta property=\"og:description\" content=\"INFORMACI\u00d3N PR\u00c1CTICA Fomento a la cultura y el arte Liquen es un espacio que se dedica al desarrollo de la cultura y el arte. Destinando recursos que promueven esta \u00e1rea. Siempre se tendr\u00e1 prioridad en respaldar actividades que competan al rubro. Existiendo un espacio que invita a los artistas locales, nacionales e internacionales a entregar&hellip;&nbsp;Leer m\u00e1s &raquo;Informaci\u00f3n Pr\u00e1ctica\" \/>\n<meta property=\"og:url\" content=\"https:\/\/liquencentroculturalvillarrica.cl\/?page_id=177\" \/>\n<meta property=\"og:site_name\" content=\"Liquen Centro Cultural\" \/>\n<meta property=\"article:publisher\" content=\"https:\/\/www.facebook.com\/profile.php?id=100085283714609\" \/>\n<meta property=\"article:modified_time\" content=\"2026-03-17T19:59:47+00:00\" \/>\n<meta property=\"og:image\" content=\"http:\/\/liquencentroculturalvillarrica.cl\/wp-content\/uploads\/2023\/10\/talleres.png\" \/>\n<meta name=\"twitter:card\" content=\"summary_large_image\" \/>\n<meta name=\"twitter:label1\" content=\"Tiempo de lectura\" \/>\n\t<meta name=\"twitter:data1\" content=\"4 minutos\" \/>\n<script type=\"application\/ld+json\" class=\"yoast-schema-graph\">{\"@context\":\"https:\/\/schema.org\",\"@graph\":[{\"@type\":\"WebPage\",\"@id\":\"https:\/\/liquencentroculturalvillarrica.cl\/?page_id=177\",\"url\":\"https:\/\/liquencentroculturalvillarrica.cl\/?page_id=177\",\"name\":\"Informaci\u00f3n Pr\u00e1ctica - Liquen Centro Cultural\",\"isPartOf\":{\"@id\":\"https:\/\/liquencentroculturalvillarrica.cl\/#website\"},\"primaryImageOfPage\":{\"@id\":\"https:\/\/liquencentroculturalvillarrica.cl\/?page_id=177#primaryimage\"},\"image\":{\"@id\":\"https:\/\/liquencentroculturalvillarrica.cl\/?page_id=177#primaryimage\"},\"thumbnailUrl\":\"http:\/\/liquencentroculturalvillarrica.cl\/wp-content\/uploads\/2023\/10\/talleres.png\",\"datePublished\":\"2023-06-06T21:56:24+00:00\",\"dateModified\":\"2026-03-17T19:59:47+00:00\",\"breadcrumb\":{\"@id\":\"https:\/\/liquencentroculturalvillarrica.cl\/?page_id=177#breadcrumb\"},\"inLanguage\":\"es\",\"potentialAction\":[{\"@type\":\"ReadAction\",\"target\":[\"https:\/\/liquencentroculturalvillarrica.cl\/?page_id=177\"]}]},{\"@type\":\"ImageObject\",\"inLanguage\":\"es\",\"@id\":\"https:\/\/liquencentroculturalvillarrica.cl\/?page_id=177#primaryimage\",\"url\":\"http:\/\/liquencentroculturalvillarrica.cl\/wp-content\/uploads\/2023\/10\/talleres.png\",\"contentUrl\":\"http:\/\/liquencentroculturalvillarrica.cl\/wp-content\/uploads\/2023\/10\/talleres.png\"},{\"@type\":\"BreadcrumbList\",\"@id\":\"https:\/\/liquencentroculturalvillarrica.cl\/?page_id=177#breadcrumb\",\"itemListElement\":[{\"@type\":\"ListItem\",\"position\":1,\"name\":\"Portada\",\"item\":\"https:\/\/liquencentroculturalvillarrica.cl\/\"},{\"@type\":\"ListItem\",\"position\":2,\"name\":\"Informaci\u00f3n Pr\u00e1ctica\"}]},{\"@type\":\"WebSite\",\"@id\":\"https:\/\/liquencentroculturalvillarrica.cl\/#website\",\"url\":\"https:\/\/liquencentroculturalvillarrica.cl\/\",\"name\":\"Liquen Centro Cultural\",\"description\":\"\",\"publisher\":{\"@id\":\"https:\/\/liquencentroculturalvillarrica.cl\/#organization\"},\"potentialAction\":[{\"@type\":\"SearchAction\",\"target\":{\"@type\":\"EntryPoint\",\"urlTemplate\":\"https:\/\/liquencentroculturalvillarrica.cl\/?s={search_term_string}\"},\"query-input\":{\"@type\":\"PropertyValueSpecification\",\"valueRequired\":true,\"valueName\":\"search_term_string\"}}],\"inLanguage\":\"es\"},{\"@type\":\"Organization\",\"@id\":\"https:\/\/liquencentroculturalvillarrica.cl\/#organization\",\"name\":\"Liquen Centro Cultural\",\"url\":\"https:\/\/liquencentroculturalvillarrica.cl\/\",\"logo\":{\"@type\":\"ImageObject\",\"inLanguage\":\"es\",\"@id\":\"https:\/\/liquencentroculturalvillarrica.cl\/#\/schema\/logo\/image\/\",\"url\":\"https:\/\/liquencentroculturalvillarrica.cl\/wp-content\/uploads\/2023\/07\/Marca-Liquen-Centro-Cultural-Municipal-Villarrica2-1_Mesa-de-trabajo-1.png\",\"contentUrl\":\"https:\/\/liquencentroculturalvillarrica.cl\/wp-content\/uploads\/2023\/07\/Marca-Liquen-Centro-Cultural-Municipal-Villarrica2-1_Mesa-de-trabajo-1.png\",\"width\":3300,\"height\":2550,\"caption\":\"Liquen Centro Cultural\"},\"image\":{\"@id\":\"https:\/\/liquencentroculturalvillarrica.cl\/#\/schema\/logo\/image\/\"},\"sameAs\":[\"https:\/\/www.facebook.com\/profile.php?id=100085283714609\",\"https:\/\/www.instagram.com\/villarricacentrocultural\/\",\"https:\/\/www.youtube.com\/channel\/UCQCChCLB8KB4ckeIXmpHNQw\"]}]}<\/script>\n<!-- \/ Yoast SEO plugin. -->","yoast_head_json":{"title":"Informaci\u00f3n Pr\u00e1ctica - Liquen Centro Cultural","robots":{"index":"index","follow":"follow","max-snippet":"max-snippet:-1","max-image-preview":"max-image-preview:large","max-video-preview":"max-video-preview:-1"},"canonical":"https:\/\/liquencentroculturalvillarrica.cl\/?page_id=177","og_locale":"es_ES","og_type":"article","og_title":"Informaci\u00f3n Pr\u00e1ctica - Liquen Centro Cultural","og_description":"INFORMACI\u00d3N PR\u00c1CTICA Fomento a la cultura y el arte Liquen es un espacio que se dedica al desarrollo de la cultura y el arte. Destinando recursos que promueven esta \u00e1rea. Siempre se tendr\u00e1 prioridad en respaldar actividades que competan al rubro. Existiendo un espacio que invita a los artistas locales, nacionales e internacionales a entregar&hellip;&nbsp;Leer m\u00e1s &raquo;Informaci\u00f3n Pr\u00e1ctica","og_url":"https:\/\/liquencentroculturalvillarrica.cl\/?page_id=177","og_site_name":"Liquen Centro Cultural","article_publisher":"https:\/\/www.facebook.com\/profile.php?id=100085283714609","article_modified_time":"2026-03-17T19:59:47+00:00","og_image":[{"url":"http:\/\/liquencentroculturalvillarrica.cl\/wp-content\/uploads\/2023\/10\/talleres.png","type":"","width":"","height":""}],"twitter_card":"summary_large_image","twitter_misc":{"Tiempo de lectura":"4 minutos"},"schema":{"@context":"https:\/\/schema.org","@graph":[{"@type":"WebPage","@id":"https:\/\/liquencentroculturalvillarrica.cl\/?page_id=177","url":"https:\/\/liquencentroculturalvillarrica.cl\/?page_id=177","name":"Informaci\u00f3n Pr\u00e1ctica - Liquen Centro Cultural","isPartOf":{"@id":"https:\/\/liquencentroculturalvillarrica.cl\/#website"},"primaryImageOfPage":{"@id":"https:\/\/liquencentroculturalvillarrica.cl\/?page_id=177#primaryimage"},"image":{"@id":"https:\/\/liquencentroculturalvillarrica.cl\/?page_id=177#primaryimage"},"thumbnailUrl":"http:\/\/liquencentroculturalvillarrica.cl\/wp-content\/uploads\/2023\/10\/talleres.png","datePublished":"2023-06-06T21:56:24+00:00","dateModified":"2026-03-17T19:59:47+00:00","breadcrumb":{"@id":"https:\/\/liquencentroculturalvillarrica.cl\/?page_id=177#breadcrumb"},"inLanguage":"es","potentialAction":[{"@type":"ReadAction","target":["https:\/\/liquencentroculturalvillarrica.cl\/?page_id=177"]}]},{"@type":"ImageObject","inLanguage":"es","@id":"https:\/\/liquencentroculturalvillarrica.cl\/?page_id=177#primaryimage","url":"http:\/\/liquencentroculturalvillarrica.cl\/wp-content\/uploads\/2023\/10\/talleres.png","contentUrl":"http:\/\/liquencentroculturalvillarrica.cl\/wp-content\/uploads\/2023\/10\/talleres.png"},{"@type":"BreadcrumbList","@id":"https:\/\/liquencentroculturalvillarrica.cl\/?page_id=177#breadcrumb","itemListElement":[{"@type":"ListItem","position":1,"name":"Portada","item":"https:\/\/liquencentroculturalvillarrica.cl\/"},{"@type":"ListItem","position":2,"name":"Informaci\u00f3n Pr\u00e1ctica"}]},{"@type":"WebSite","@id":"https:\/\/liquencentroculturalvillarrica.cl\/#website","url":"https:\/\/liquencentroculturalvillarrica.cl\/","name":"Liquen Centro Cultural","description":"","publisher":{"@id":"https:\/\/liquencentroculturalvillarrica.cl\/#organization"},"potentialAction":[{"@type":"SearchAction","target":{"@type":"EntryPoint","urlTemplate":"https:\/\/liquencentroculturalvillarrica.cl\/?s={search_term_string}"},"query-input":{"@type":"PropertyValueSpecification","valueRequired":true,"valueName":"search_term_string"}}],"inLanguage":"es"},{"@type":"Organization","@id":"https:\/\/liquencentroculturalvillarrica.cl\/#organization","name":"Liquen Centro Cultural","url":"https:\/\/liquencentroculturalvillarrica.cl\/","logo":{"@type":"ImageObject","inLanguage":"es","@id":"https:\/\/liquencentroculturalvillarrica.cl\/#\/schema\/logo\/image\/","url":"https:\/\/liquencentroculturalvillarrica.cl\/wp-content\/uploads\/2023\/07\/Marca-Liquen-Centro-Cultural-Municipal-Villarrica2-1_Mesa-de-trabajo-1.png","contentUrl":"https:\/\/liquencentroculturalvillarrica.cl\/wp-content\/uploads\/2023\/07\/Marca-Liquen-Centro-Cultural-Municipal-Villarrica2-1_Mesa-de-trabajo-1.png","width":3300,"height":2550,"caption":"Liquen Centro Cultural"},"image":{"@id":"https:\/\/liquencentroculturalvillarrica.cl\/#\/schema\/logo\/image\/"},"sameAs":["https:\/\/www.facebook.com\/profile.php?id=100085283714609","https:\/\/www.instagram.com\/villarricacentrocultural\/","https:\/\/www.youtube.com\/channel\/UCQCChCLB8KB4ckeIXmpHNQw"]}]}},"featured_image_src":null,"featured_image_src_square":null,"_links":{"self":[{"href":"https:\/\/liquencentroculturalvillarrica.cl\/index.php?rest_route=\/wp\/v2\/pages\/177","targetHints":{"allow":["GET"]}}],"collection":[{"href":"https:\/\/liquencentroculturalvillarrica.cl\/index.php?rest_route=\/wp\/v2\/pages"}],"about":[{"href":"https:\/\/liquencentroculturalvillarrica.cl\/index.php?rest_route=\/wp\/v2\/types\/page"}],"author":[{"embeddable":true,"href":"https:\/\/liquencentroculturalvillarrica.cl\/index.php?rest_route=\/wp\/v2\/users\/1"}],"replies":[{"embeddable":true,"href":"https:\/\/liquencentroculturalvillarrica.cl\/index.php?rest_route=%2Fwp%2Fv2%2Fcomments&post=177"}],"version-history":[{"count":32,"href":"https:\/\/liquencentroculturalvillarrica.cl\/index.php?rest_route=\/wp\/v2\/pages\/177\/revisions"}],"predecessor-version":[{"id":4448,"href":"https:\/\/liquencentroculturalvillarrica.cl\/index.php?rest_route=\/wp\/v2\/pages\/177\/revisions\/4448"}],"wp:attachment":[{"href":"https:\/\/liquencentroculturalvillarrica.cl\/index.php?rest_route=%2Fwp%2Fv2%2Fmedia&parent=177"}],"curies":[{"name":"wp","href":"https:\/\/api.w.org\/{rel}","templated":true}]}}