{"id":174,"date":"2023-05-07T23:45:43","date_gmt":"2023-05-07T23:45:43","guid":{"rendered":"https:\/\/jmical.cl\/wp\/?page_id=2"},"modified":"2026-04-09T16:15:02","modified_gmt":"2026-04-09T16:15:02","slug":"sample-page","status":"publish","type":"page","link":"https:\/\/liquencentroculturalvillarrica.cl\/?page_id=174","title":{"rendered":"Quienes Somos"},"content":{"rendered":"\n<div style=\"height:70px\" aria-hidden=\"true\" class=\"wp-block-spacer\"><\/div>\n\n\n\n<h1 class=\"wp-block-heading has-text-align-center\"><mark style=\"background-color:rgba(0, 0, 0, 0)\" class=\"has-inline-color has-neve-link-color-color\">QUIENES SOMOS<\/mark><\/h1>\n\n\n\n<div style=\"height:40px\" aria-hidden=\"true\" class=\"wp-block-spacer\"><\/div>\n\n\n\n<figure class=\"wp-block-image alignfull size-full\"><img loading=\"lazy\" decoding=\"async\" width=\"1280\" height=\"567\" src=\"https:\/\/liquencentroculturalvillarrica.cl\/wp-content\/uploads\/2023\/08\/Mesa-de-trabajo-1.jpg\" alt=\"\" class=\"wp-image-704\" srcset=\"https:\/\/liquencentroculturalvillarrica.cl\/wp-content\/uploads\/2023\/08\/Mesa-de-trabajo-1.jpg 1280w, https:\/\/liquencentroculturalvillarrica.cl\/wp-content\/uploads\/2023\/08\/Mesa-de-trabajo-1-300x133.jpg 300w, https:\/\/liquencentroculturalvillarrica.cl\/wp-content\/uploads\/2023\/08\/Mesa-de-trabajo-1-1024x454.jpg 1024w, https:\/\/liquencentroculturalvillarrica.cl\/wp-content\/uploads\/2023\/08\/Mesa-de-trabajo-1-768x340.jpg 768w\" sizes=\"auto, (max-width: 1280px) 100vw, 1280px\" \/><\/figure>\n\n\n\n<div style=\"height:60px\" aria-hidden=\"true\" class=\"wp-block-spacer\"><\/div>\n\n\n\n<div class=\"wp-block-columns alignwide is-layout-flex wp-container-core-columns-is-layout-9d6595d7 wp-block-columns-is-layout-flex\">\n<div class=\"wp-block-column is-layout-flow wp-block-column-is-layout-flow\" style=\"flex-basis:100%\">\n<div class=\"wp-block-columns is-layout-flex wp-container-core-columns-is-layout-9d6595d7 wp-block-columns-is-layout-flex\">\n<div class=\"wp-block-column is-layout-flow wp-block-column-is-layout-flow\" style=\"flex-basis:50%\">\n<h2 class=\"wp-block-heading\"><mark style=\"background-color:rgba(0, 0, 0, 0)\" class=\"has-inline-color has-nv-c-2-color\">MISI\u00d3N<\/mark><\/h2>\n\n\n\n<div style=\"height:10px\" aria-hidden=\"true\" class=\"wp-block-spacer\"><\/div>\n\n\n\n<p>\u201cEl Centro Cultural Municipal Liquen es un polo de desarrollo art\u00edstico y cultural de la Araucan\u00eda, que potencia su gesti\u00f3n cultural de forma interna y externa, promueve la formaci\u00f3n art\u00edstica, el desarrollo de las artes y el resguardo de la identidad local, mediante proyectos educativos, articulados, producciones locales y participaci\u00f3n ciudadana\u201d.<\/p>\n<\/div>\n\n\n\n<div class=\"wp-block-column is-layout-flow wp-block-column-is-layout-flow\" style=\"flex-basis:50%\">\n<h2 class=\"wp-block-heading\"><mark style=\"background-color:rgba(0, 0, 0, 0)\" class=\"has-inline-color has-nv-c-2-color\">VISI\u00d3N<\/mark><\/h2>\n\n\n\n<div style=\"height:10px\" aria-hidden=\"true\" class=\"wp-block-spacer\"><\/div>\n\n\n\n<p>\u201cEl Centro Cultural Municipal Liquen es un espacio destinado al desarrollo art\u00edstico-cultural, el cual propende de una oferta program\u00e1tica descentralizada e inclusiva que integra a la comunidad y sus sectores, fomentando la participaci\u00f3n ciudadana, la formaci\u00f3n de p\u00fablicos, resguardando la identidad local, valorizando a artistas y agentes culturales locales a partir de un enfoque de derechos\u201d.<\/p>\n<\/div>\n<\/div>\n\n\n\n<h2 class=\"wp-block-heading has-text-align-left\"><mark style=\"background-color:rgba(0, 0, 0, 0)\" class=\"has-inline-color has-nv-c-2-color\">VALORES<\/mark><\/h2>\n\n\n\n<div class=\"wp-block-group is-vertical is-content-justification-left is-layout-flex wp-container-core-group-is-layout-c0ca7d81 wp-block-group-is-layout-flex\">\n<p>Diversidad cultural y art\u00edstica.<\/p>\n\n\n\n<p>Gesti\u00f3n cultural de calidad.<\/p>\n\n\n\n<p>Identidad local.<\/p>\n\n\n\n<p class=\"has-text-align-left\">Memoria hist\u00f3rica y patrimonio.<\/p>\n\n\n\n<p>Educaci\u00f3n cultural.<\/p>\n\n\n\n<p>Asociatividad y valorizaci\u00f3n de creadores y gestores locales.<\/p>\n<\/div>\n\n\n\n<div style=\"height:40px\" aria-hidden=\"true\" class=\"wp-block-spacer\"><\/div>\n\n\n\n<hr class=\"wp-block-separator has-text-color has-nv-light-bg-color has-alpha-channel-opacity has-nv-light-bg-background-color has-background is-style-wide\"\/>\n\n\n\n<div style=\"height:40px\" aria-hidden=\"true\" class=\"wp-block-spacer\"><\/div>\n\n\n\n<h4 class=\"wp-block-heading has-text-align-center\"><mark style=\"background-color:rgba(0, 0, 0, 0)\" class=\"has-inline-color has-neve-link-color-color\">FUNCIONARIOS DE <br>LIQUEN CENTRO CULTURAL MUNICIPAL VILLARRICA<\/mark><\/h4>\n\n\n\n<div style=\"height:30px\" aria-hidden=\"true\" class=\"wp-block-spacer\"><\/div>\n\n\n\n<div class=\"wp-block-columns is-layout-flex wp-container-core-columns-is-layout-9d6595d7 wp-block-columns-is-layout-flex\">\n<div class=\"wp-block-column is-layout-flow wp-block-column-is-layout-flow\"><\/div>\n\n\n\n<div class=\"wp-block-column is-vertically-aligned-bottom has-nv-light-bg-background-color has-background is-layout-flow wp-block-column-is-layout-flow\">\n<div style=\"height:30px\" aria-hidden=\"true\" class=\"wp-block-spacer\"><\/div>\n\n\n\n<p class=\"has-text-align-center\"><strong>DIRECTOR <\/strong><br>Sebasti\u00e1n Henr\u00edquez Llancafil<\/p>\n\n\n\n<div style=\"height:10px\" aria-hidden=\"true\" class=\"wp-block-spacer\"><\/div>\n<\/div>\n\n\n\n<div class=\"wp-block-column is-layout-flow wp-block-column-is-layout-flow\"><\/div>\n<\/div>\n\n\n\n<div class=\"wp-block-columns is-layout-flex wp-container-core-columns-is-layout-9d6595d7 wp-block-columns-is-layout-flex\">\n<div class=\"wp-block-column is-vertically-aligned-bottom has-nv-light-bg-background-color has-background is-layout-flow wp-block-column-is-layout-flow\">\n<div style=\"height:30px\" aria-hidden=\"true\" class=\"wp-block-spacer\"><\/div>\n\n\n\n<p class=\"has-text-align-center\"><strong>SECRETARIO<\/strong> <strong>Y ADMINISTRATIVO<\/strong><br>Marcelo Meier Coronado<\/p>\n\n\n\n<div style=\"height:10px\" aria-hidden=\"true\" class=\"wp-block-spacer\"><\/div>\n<\/div>\n\n\n\n<div class=\"wp-block-column is-layout-flow wp-block-column-is-layout-flow\"><\/div>\n\n\n\n<div class=\"wp-block-column is-vertically-aligned-bottom has-nv-light-bg-background-color has-background is-layout-flow wp-block-column-is-layout-flow\">\n<div style=\"height:30px\" aria-hidden=\"true\" class=\"wp-block-spacer\"><\/div>\n\n\n\n<p class=\"has-text-align-center\"><strong>ADMINISTRATIVO CONTABLE<\/strong><br>Jaime Leiva Matus<\/p>\n\n\n\n<div style=\"height:10px\" aria-hidden=\"true\" class=\"wp-block-spacer\"><\/div>\n<\/div>\n<\/div>\n\n\n\n<div class=\"wp-block-columns are-vertically-aligned-center is-layout-flex wp-container-core-columns-is-layout-9d6595d7 wp-block-columns-is-layout-flex\">\n<div class=\"wp-block-column is-vertically-aligned-center has-nv-light-bg-background-color has-background is-layout-flow wp-block-column-is-layout-flow\">\n<div style=\"height:2px\" aria-hidden=\"true\" class=\"wp-block-spacer\"><\/div>\n\n\n\n<p class=\"has-text-align-center\"><strong>DIRECTOR T\u00c9CNICO<\/strong> <strong>Y PROGRAMACI\u00d3N<\/strong><br>Daniel Lencina Saavedra<\/p>\n\n\n\n<div style=\"height:10px\" aria-hidden=\"true\" class=\"wp-block-spacer\"><\/div>\n<\/div>\n\n\n\n<div class=\"wp-block-column is-vertically-aligned-center has-nv-light-bg-background-color has-background is-layout-flow wp-block-column-is-layout-flow\">\n<div style=\"height:30px\" aria-hidden=\"true\" class=\"wp-block-spacer\"><\/div>\n\n\n\n<p class=\"has-text-align-center\"><strong>T\u00c9CNICO DE SALA<\/strong><br>Nery Viveros Avila<\/p>\n\n\n\n<div style=\"height:10px\" aria-hidden=\"true\" class=\"wp-block-spacer\"><\/div>\n<\/div>\n\n\n\n<div class=\"wp-block-column is-vertically-aligned-center has-nv-light-bg-background-color has-background is-layout-flow wp-block-column-is-layout-flow\">\n<div style=\"height:30px\" aria-hidden=\"true\" class=\"wp-block-spacer\"><\/div>\n\n\n\n<p class=\"has-text-align-center\"><strong>T\u00c9CNICO DE SALA<\/strong><br>Cristi\u00e1n Gonz\u00e1lez Navarrete<\/p>\n\n\n\n<div style=\"height:10px\" aria-hidden=\"true\" class=\"wp-block-spacer\"><\/div>\n<\/div>\n<\/div>\n\n\n\n<div class=\"wp-block-columns is-layout-flex wp-container-core-columns-is-layout-9d6595d7 wp-block-columns-is-layout-flex\">\n<div class=\"wp-block-column has-nv-light-bg-background-color has-background is-layout-flow wp-block-column-is-layout-flow\">\n<div style=\"height:30px\" aria-hidden=\"true\" class=\"wp-block-spacer\"><\/div>\n\n\n\n<p class=\"has-text-align-center\"><strong>AUDIOVISUAL<\/strong> <strong>Y CURADOR SALA DE EXPOSICIONES<\/strong><br>Jos\u00e9 Contreras Urrutia<\/p>\n\n\n\n<div style=\"height:10px\" aria-hidden=\"true\" class=\"wp-block-spacer\"><\/div>\n<\/div>\n\n\n\n<div class=\"wp-block-column has-nv-light-bg-background-color has-background is-layout-flow wp-block-column-is-layout-flow\">\n<div style=\"height:30px\" aria-hidden=\"true\" class=\"wp-block-spacer\"><\/div>\n\n\n\n<p class=\"has-text-align-center\"><strong>RELACIONADOR P\u00daBLICO Y LOCUTOR<\/strong><br>Allan Carrasco Rom\u00e1n<\/p>\n\n\n\n<div style=\"height:10px\" aria-hidden=\"true\" class=\"wp-block-spacer\"><\/div>\n<\/div>\n\n\n\n<div class=\"wp-block-column has-nv-light-bg-background-color has-background is-layout-flow wp-block-column-is-layout-flow\">\n<div style=\"height:30px\" aria-hidden=\"true\" class=\"wp-block-spacer\"><\/div>\n\n\n\n<p class=\"has-text-align-center\"><strong>DISE\u00d1ADOR<\/strong> <strong>GR\u00c1FICO<\/strong><br>Crist\u00f3bal Thiers Rebolledo<\/p>\n\n\n\n<div style=\"height:10px\" aria-hidden=\"true\" class=\"wp-block-spacer\"><\/div>\n<\/div>\n<\/div>\n\n\n\n<div class=\"wp-block-columns is-layout-flex wp-container-core-columns-is-layout-9d6595d7 wp-block-columns-is-layout-flex\">\n<div class=\"wp-block-column has-nv-light-bg-background-color has-background is-layout-flow wp-block-column-is-layout-flow\">\n<div style=\"height:30px\" aria-hidden=\"true\" class=\"wp-block-spacer\"><\/div>\n\n\n\n<p class=\"has-text-align-center\"><strong> PROGRAMACI\u00d3N<\/strong> <strong>Y COORDINADORA<\/strong><br>Nicole Ritz Gatica<\/p>\n\n\n\n<div style=\"height:10px\" aria-hidden=\"true\" class=\"wp-block-spacer\"><\/div>\n<\/div>\n\n\n\n<div class=\"wp-block-column has-nv-light-bg-background-color has-background is-layout-flow wp-block-column-is-layout-flow\">\n<div style=\"height:30px\" aria-hidden=\"true\" class=\"wp-block-spacer\"><\/div>\n\n\n\n<p class=\"has-text-align-center\"><strong>REDES SOCIALES, P\u00c1GINA WEB<\/strong> <strong>Y PLATAFORMAS DIGITALES<\/strong><br>Alejandro Escobar Jaramillo<\/p>\n\n\n\n<div style=\"height:10px\" aria-hidden=\"true\" class=\"wp-block-spacer\"><\/div>\n<\/div>\n\n\n\n<div class=\"wp-block-column has-nv-light-bg-background-color has-background is-layout-flow wp-block-column-is-layout-flow\">\n<div style=\"height:30px\" aria-hidden=\"true\" class=\"wp-block-spacer\"><\/div>\n\n\n\n<p class=\"has-text-align-center\"><strong>RECEPCIONISTA<\/strong><br>Nicole Lobos N\u00fa\u00f1ez <\/p>\n\n\n\n<div style=\"height:10px\" aria-hidden=\"true\" class=\"wp-block-spacer\"><\/div>\n<\/div>\n\n\n\n<div class=\"wp-block-column has-nv-light-bg-background-color has-background is-layout-flow wp-block-column-is-layout-flow\">\n<div style=\"height:30px\" aria-hidden=\"true\" class=\"wp-block-spacer\"><\/div>\n\n\n\n<p class=\"has-text-align-center\"><strong>RECEPCIONISTA<\/strong><br>Claudio Rojas Astudillo<\/p>\n\n\n\n<div style=\"height:10px\" aria-hidden=\"true\" class=\"wp-block-spacer\"><\/div>\n<\/div>\n<\/div>\n\n\n\n<div class=\"wp-block-columns is-layout-flex wp-container-core-columns-is-layout-9d6595d7 wp-block-columns-is-layout-flex\">\n<div class=\"wp-block-column has-nv-light-bg-background-color has-background is-layout-flow wp-block-column-is-layout-flow\">\n<div style=\"height:30px\" aria-hidden=\"true\" class=\"wp-block-spacer\"><\/div>\n\n\n\n<p class=\"has-text-align-center\"><strong>AUXILIAR DE ASEO<\/strong><br>Gloria M\u00e9ndez Vel\u00e1squez<\/p>\n\n\n\n<div style=\"height:10px\" aria-hidden=\"true\" class=\"wp-block-spacer\"><\/div>\n<\/div>\n\n\n\n<div class=\"wp-block-column has-nv-light-bg-background-color has-background is-layout-flow wp-block-column-is-layout-flow\">\n<div style=\"height:30px\" aria-hidden=\"true\" class=\"wp-block-spacer\"><\/div>\n\n\n\n<p class=\"has-text-align-center\"><strong>AUXILIAR DE ASEO<\/strong><br>Mar\u00eda Matamala Lillo<\/p>\n\n\n\n<div style=\"height:10px\" aria-hidden=\"true\" class=\"wp-block-spacer\"><\/div>\n<\/div>\n\n\n\n<div class=\"wp-block-column has-nv-light-bg-background-color has-background is-layout-flow wp-block-column-is-layout-flow\">\n<div style=\"height:30px\" aria-hidden=\"true\" class=\"wp-block-spacer\"><\/div>\n\n\n\n<p class=\"has-text-align-center\"><strong>AUXILIAR DE ASEO<\/strong><br>Juan Curiche Caepi<\/p>\n\n\n\n<div style=\"height:10px\" aria-hidden=\"true\" class=\"wp-block-spacer\"><\/div>\n<\/div>\n<\/div>\n\n\n\n<hr class=\"wp-block-separator has-text-color has-nv-light-bg-color has-alpha-channel-opacity has-nv-light-bg-background-color has-background\"\/>\n\n\n\n<div style=\"height:40px\" aria-hidden=\"true\" class=\"wp-block-spacer\"><\/div>\n\n\n\n<h2 class=\"wp-block-heading has-text-align-center\"><mark style=\"background-color:rgba(0, 0, 0, 0)\" class=\"has-inline-color has-neve-link-color-color\">SOBRE NOSOTROS<\/mark><\/h2>\n\n\n\n<p>Somos un grupo de profesionales y t\u00e9cnicos que fueron mandatados para abrir las puertas del Centro Cultural Liquen, a todas las expresiones art\u00edsticas de la comuna. Nos esforzamos a diario para que esta, sea \u201cLa casa de todos\u201d&nbsp;y que todos sin excepci\u00f3n se sientan bienvenidos y bien atendidos en sus requerimientos. Somos un equipo de trabajo que tiene un \u201cEthos\u201d basado en la integraci\u00f3n, en el respeto del ser humano y sus manifestaciones culturales sin importar su condici\u00f3n social, educativa,&nbsp;creencias o inclinaciones pol\u00edticas ni hacemos distingo por color de raza o nacionalidad. Somos lo que hemos venido a \u201chacer\u201d promover la cultura y las artes, echar a volar nuestra imaginaci\u00f3n y permitir que otros entes vuelen y muestren lo que son capaces de hacer. Somos facilitadores, somos colegas y amigos, somos hasta d\u00f3nde nos permiten nuestras capacidades, creadores y colaboradores. \u00a1Eso somos!<\/p>\n\n\n\n<div style=\"height:60px\" aria-hidden=\"true\" class=\"wp-block-spacer\"><\/div>\n\n\n\n<hr class=\"wp-block-separator has-text-color has-neve-link-color-color has-alpha-channel-opacity has-neve-link-color-background-color has-background\"\/>\n\n\n\n<div style=\"height:40px\" aria-hidden=\"true\" class=\"wp-block-spacer\"><\/div>\n\n\n\n<h2 class=\"wp-block-heading has-text-align-left\"><mark style=\"background-color:rgba(0, 0, 0, 0)\" class=\"has-inline-color has-neve-link-color-color\">PLAN DE GESTI\u00d3N<\/mark><\/h2>\n\n\n\n<p>Para m\u00e1s informaci\u00f3n, descarga el plan de gesti\u00f3n de Liquen Centro Cultural Municipal Villarrica 2023 &#8211; 2026.<\/p>\n\n\n\n<div class=\"wp-block-buttons is-content-justification-center is-layout-flex wp-container-core-buttons-is-layout-16018d1d wp-block-buttons-is-layout-flex\">\n<div class=\"wp-block-button is-style-secondary\"><a class=\"wp-block-button__link wp-element-button\" href=\"https:\/\/liquencentroculturalvillarrica.cl\/wp-content\/uploads\/2023\/10\/PG-CENTRO-CULTURAL-VILLARRICA_V2-1.pdf\" style=\"border-radius:0px\" target=\"_blank\" rel=\"noreferrer noopener\">Descargar Plan de Gesti\u00f3n<\/a><\/div>\n<\/div>\n\n\n\n<div style=\"height:60px\" aria-hidden=\"true\" class=\"wp-block-spacer\"><\/div>\n\n\n\n<hr class=\"wp-block-separator has-text-color has-nv-light-bg-color has-alpha-channel-opacity has-nv-light-bg-background-color has-background\"\/>\n<\/div>\n<\/div>\n\n\n\n<div style=\"height:30px\" aria-hidden=\"true\" class=\"wp-block-spacer\"><\/div>\n\n\n\n<div class=\"wp-block-columns alignwide is-layout-flex wp-container-core-columns-is-layout-9d6595d7 wp-block-columns-is-layout-flex\">\n<div class=\"wp-block-column is-layout-flow wp-block-column-is-layout-flow\"><div class=\"wp-block-image\">\n<figure class=\"aligncenter size-full is-resized\"><a href=\"https:\/\/liquencentroculturalvillarrica.cl\/?page_id=119\"><img loading=\"lazy\" decoding=\"async\" width=\"994\" height=\"994\" src=\"https:\/\/liquencentroculturalvillarrica.cl\/wp-content\/uploads\/2023\/10\/Recurso-9.png\" alt=\"\" class=\"wp-image-1356\" style=\"width:202px\" srcset=\"https:\/\/liquencentroculturalvillarrica.cl\/wp-content\/uploads\/2023\/10\/Recurso-9.png 994w, https:\/\/liquencentroculturalvillarrica.cl\/wp-content\/uploads\/2023\/10\/Recurso-9-300x300.png 300w, https:\/\/liquencentroculturalvillarrica.cl\/wp-content\/uploads\/2023\/10\/Recurso-9-150x150.png 150w, https:\/\/liquencentroculturalvillarrica.cl\/wp-content\/uploads\/2023\/10\/Recurso-9-768x768.png 768w\" sizes=\"auto, (max-width: 994px) 100vw, 994px\" \/><\/a><\/figure>\n<\/div>\n\n\n<div style=\"height:40px\" aria-hidden=\"true\" class=\"wp-block-spacer\"><\/div>\n\n\n\n<div class=\"wp-block-buttons is-content-justification-center is-layout-flex wp-container-core-buttons-is-layout-16018d1d wp-block-buttons-is-layout-flex\">\n<div class=\"wp-block-button is-style-primary\"><a class=\"wp-block-button__link wp-element-button\" href=\"https:\/\/liquencentroculturalvillarrica.cl\/?page_id=119\">SERVICIOS Y SOLICITUDES<\/a><\/div>\n<\/div>\n<\/div>\n\n\n\n<div class=\"wp-block-column is-layout-flow wp-block-column-is-layout-flow\"><div class=\"wp-block-image\">\n<figure class=\"aligncenter size-full is-resized\"><a href=\"https:\/\/liquencentroculturalvillarrica.cl\/?page_id=523\"><img loading=\"lazy\" decoding=\"async\" width=\"994\" height=\"994\" src=\"https:\/\/liquencentroculturalvillarrica.cl\/wp-content\/uploads\/2023\/10\/Recurso-10.png\" alt=\"\" class=\"wp-image-1357\" style=\"width:202px\" srcset=\"https:\/\/liquencentroculturalvillarrica.cl\/wp-content\/uploads\/2023\/10\/Recurso-10.png 994w, https:\/\/liquencentroculturalvillarrica.cl\/wp-content\/uploads\/2023\/10\/Recurso-10-300x300.png 300w, https:\/\/liquencentroculturalvillarrica.cl\/wp-content\/uploads\/2023\/10\/Recurso-10-150x150.png 150w, https:\/\/liquencentroculturalvillarrica.cl\/wp-content\/uploads\/2023\/10\/Recurso-10-768x768.png 768w\" sizes=\"auto, (max-width: 994px) 100vw, 994px\" \/><\/a><\/figure>\n<\/div>\n\n\n<div style=\"height:40px\" aria-hidden=\"true\" class=\"wp-block-spacer\"><\/div>\n\n\n\n<div class=\"wp-block-buttons is-content-justification-center is-layout-flex wp-container-core-buttons-is-layout-16018d1d wp-block-buttons-is-layout-flex\">\n<div class=\"wp-block-button is-style-primary\"><a class=\"wp-block-button__link wp-element-button\" href=\"https:\/\/liquencentroculturalvillarrica.cl\/?page_id=523\">PREGUNTAS FRECUENTES<\/a><\/div>\n<\/div>\n<\/div>\n\n\n\n<div class=\"wp-block-column is-layout-flow wp-block-column-is-layout-flow\"><div class=\"wp-block-image\">\n<figure class=\"aligncenter size-full is-resized\"><a href=\"https:\/\/liquencentroculturalvillarrica.cl\/?page_id=177\"><img loading=\"lazy\" decoding=\"async\" width=\"994\" height=\"994\" src=\"https:\/\/liquencentroculturalvillarrica.cl\/wp-content\/uploads\/2023\/10\/Recurso-11.png\" alt=\"\" class=\"wp-image-1358\" style=\"width:202px\" srcset=\"https:\/\/liquencentroculturalvillarrica.cl\/wp-content\/uploads\/2023\/10\/Recurso-11.png 994w, https:\/\/liquencentroculturalvillarrica.cl\/wp-content\/uploads\/2023\/10\/Recurso-11-300x300.png 300w, https:\/\/liquencentroculturalvillarrica.cl\/wp-content\/uploads\/2023\/10\/Recurso-11-150x150.png 150w, https:\/\/liquencentroculturalvillarrica.cl\/wp-content\/uploads\/2023\/10\/Recurso-11-768x768.png 768w\" sizes=\"auto, (max-width: 994px) 100vw, 994px\" \/><\/a><\/figure>\n<\/div>\n\n\n<div style=\"height:40px\" aria-hidden=\"true\" class=\"wp-block-spacer\"><\/div>\n\n\n\n<div class=\"wp-block-buttons is-content-justification-center is-layout-flex wp-container-core-buttons-is-layout-16018d1d wp-block-buttons-is-layout-flex\">\n<div class=\"wp-block-button is-style-primary\"><a class=\"wp-block-button__link has-text-align-center wp-element-button\" href=\"https:\/\/liquencentroculturalvillarrica.cl\/?page_id=177\">INFORMACI\u00d3N PR\u00c1CTICA<\/a><\/div>\n<\/div>\n<\/div>\n<\/div>\n\n\n\n<hr class=\"wp-block-separator alignwide has-text-color has-nv-light-bg-color has-alpha-channel-opacity has-nv-light-bg-background-color has-background\"\/>\n\n\n\n<div style=\"height:80px\" aria-hidden=\"true\" class=\"wp-block-spacer\"><\/div>\n\n\n\n<div class=\"wp-block-columns alignwide are-vertically-aligned-bottom is-layout-flex wp-container-core-columns-is-layout-9d6595d7 wp-block-columns-is-layout-flex\">\n<div class=\"wp-block-column is-vertically-aligned-bottom is-layout-flow wp-block-column-is-layout-flow\">\n<figure class=\"wp-block-image size-large is-resized\"><a href=\"https:\/\/www.munivillarrica.cl\/\" target=\"_blank\" rel=\"noreferrer noopener\"><img loading=\"lazy\" decoding=\"async\" width=\"1024\" height=\"392\" src=\"https:\/\/liquencentroculturalvillarrica.cl\/wp-content\/uploads\/2023\/08\/aplicaciones_horizontal_VIM-01-1024x392.png\" alt=\"\" class=\"wp-image-679\" style=\"width:300px\" srcset=\"https:\/\/liquencentroculturalvillarrica.cl\/wp-content\/uploads\/2023\/08\/aplicaciones_horizontal_VIM-01-1024x392.png 1024w, https:\/\/liquencentroculturalvillarrica.cl\/wp-content\/uploads\/2023\/08\/aplicaciones_horizontal_VIM-01-300x115.png 300w, https:\/\/liquencentroculturalvillarrica.cl\/wp-content\/uploads\/2023\/08\/aplicaciones_horizontal_VIM-01-768x294.png 768w, https:\/\/liquencentroculturalvillarrica.cl\/wp-content\/uploads\/2023\/08\/aplicaciones_horizontal_VIM-01-1536x587.png 1536w, https:\/\/liquencentroculturalvillarrica.cl\/wp-content\/uploads\/2023\/08\/aplicaciones_horizontal_VIM-01-2048x783.png 2048w\" sizes=\"auto, (max-width: 1024px) 100vw, 1024px\" \/><\/a><\/figure>\n<\/div>\n\n\n\n<div class=\"wp-block-column is-vertically-aligned-bottom is-layout-flow wp-block-column-is-layout-flow\"><\/div>\n\n\n\n<div class=\"wp-block-column is-layout-flow wp-block-column-is-layout-flow\"><div class=\"wp-block-image\">\n<figure class=\"alignright size-full is-resized\"><img loading=\"lazy\" decoding=\"async\" width=\"870\" height=\"274\" src=\"https:\/\/liquencentroculturalvillarrica.cl\/wp-content\/uploads\/2023\/09\/Recurso-1.png\" alt=\"\" class=\"wp-image-1124\" style=\"width:300px\" srcset=\"https:\/\/liquencentroculturalvillarrica.cl\/wp-content\/uploads\/2023\/09\/Recurso-1.png 870w, https:\/\/liquencentroculturalvillarrica.cl\/wp-content\/uploads\/2023\/09\/Recurso-1-300x94.png 300w, https:\/\/liquencentroculturalvillarrica.cl\/wp-content\/uploads\/2023\/09\/Recurso-1-768x242.png 768w\" sizes=\"auto, (max-width: 870px) 100vw, 870px\" \/><\/figure>\n<\/div><\/div>\n<\/div>\n\n\n\n<figure class=\"wp-block-image alignfull size-large\"><img loading=\"lazy\" decoding=\"async\" width=\"1024\" height=\"25\" src=\"https:\/\/liquencentroculturalvillarrica.cl\/wp-content\/uploads\/2023\/07\/Recurso-1-1024x25.png\" alt=\"\" class=\"wp-image-331\" srcset=\"https:\/\/liquencentroculturalvillarrica.cl\/wp-content\/uploads\/2023\/07\/Recurso-1-1024x25.png 1024w, https:\/\/liquencentroculturalvillarrica.cl\/wp-content\/uploads\/2023\/07\/Recurso-1-300x7.png 300w, https:\/\/liquencentroculturalvillarrica.cl\/wp-content\/uploads\/2023\/07\/Recurso-1-768x19.png 768w, https:\/\/liquencentroculturalvillarrica.cl\/wp-content\/uploads\/2023\/07\/Recurso-1.png 1350w\" sizes=\"auto, (max-width: 1024px) 100vw, 1024px\" \/><\/figure>\n","protected":false},"excerpt":{"rendered":"<p>QUIENES SOMOS MISI\u00d3N \u201cEl Centro Cultural Municipal Liquen es un polo de desarrollo art\u00edstico y cultural de la Araucan\u00eda, que potencia su gesti\u00f3n cultural de forma interna y externa, promueve la formaci\u00f3n art\u00edstica, el desarrollo de las artes y el resguardo de la identidad local, mediante proyectos educativos, articulados, producciones locales y participaci\u00f3n ciudadana\u201d. VISI\u00d3N&hellip;&nbsp;<a href=\"https:\/\/liquencentroculturalvillarrica.cl\/?page_id=174\" rel=\"bookmark\">Leer m\u00e1s &raquo;<span class=\"screen-reader-text\">Quienes Somos<\/span><\/a><\/p>\n","protected":false},"author":1,"featured_media":0,"parent":0,"menu_order":0,"comment_status":"closed","ping_status":"open","template":"","meta":{"neve_meta_sidebar":"","neve_meta_container":"","neve_meta_enable_content_width":"","neve_meta_content_width":0,"neve_meta_title_alignment":"","neve_meta_author_avatar":"","neve_post_elements_order":"","neve_meta_disable_header":"","neve_meta_disable_footer":"","neve_meta_disable_title":"","footnotes":""},"class_list":["post-174","page","type-page","status-publish","hentry"],"yoast_head":"<!-- This site is optimized with the Yoast SEO plugin v26.7 - https:\/\/yoast.com\/wordpress\/plugins\/seo\/ -->\n<title>Quienes Somos - Liquen Centro Cultural<\/title>\n<meta name=\"description\" content=\"Somos un equipo mandatado para abrir las puertas del Centro Cultural Liquen, a todas las expresiones art\u00edsticas de la comuna.\" \/>\n<meta name=\"robots\" content=\"index, follow, max-snippet:-1, max-image-preview:large, max-video-preview:-1\" \/>\n<link rel=\"canonical\" href=\"https:\/\/liquencentroculturalvillarrica.cl\/?page_id=174\" \/>\n<meta property=\"og:locale\" content=\"es_ES\" \/>\n<meta property=\"og:type\" content=\"article\" \/>\n<meta property=\"og:title\" content=\"Quienes Somos - Liquen Centro Cultural\" \/>\n<meta property=\"og:description\" content=\"Somos un equipo mandatado para abrir las puertas del Centro Cultural Liquen, a todas las expresiones art\u00edsticas de la comuna.\" \/>\n<meta property=\"og:url\" content=\"https:\/\/liquencentroculturalvillarrica.cl\/?page_id=174\" \/>\n<meta property=\"og:site_name\" content=\"Liquen Centro Cultural\" \/>\n<meta property=\"article:publisher\" content=\"https:\/\/www.facebook.com\/profile.php?id=100085283714609\" \/>\n<meta property=\"article:modified_time\" content=\"2026-04-09T16:15:02+00:00\" \/>\n<meta property=\"og:image\" content=\"https:\/\/liquencentroculturalvillarrica.cl\/wp-content\/uploads\/2023\/08\/Mesa-de-trabajo-1.jpg\" \/>\n\t<meta property=\"og:image:width\" content=\"1280\" \/>\n\t<meta property=\"og:image:height\" content=\"567\" \/>\n\t<meta property=\"og:image:type\" content=\"image\/jpeg\" \/>\n<meta name=\"twitter:card\" content=\"summary_large_image\" \/>\n<meta name=\"twitter:label1\" content=\"Tiempo de lectura\" \/>\n\t<meta name=\"twitter:data1\" content=\"4 minutos\" \/>\n<script type=\"application\/ld+json\" class=\"yoast-schema-graph\">{\"@context\":\"https:\/\/schema.org\",\"@graph\":[{\"@type\":\"WebPage\",\"@id\":\"https:\/\/liquencentroculturalvillarrica.cl\/?page_id=174\",\"url\":\"https:\/\/liquencentroculturalvillarrica.cl\/?page_id=174\",\"name\":\"Quienes Somos - Liquen Centro Cultural\",\"isPartOf\":{\"@id\":\"https:\/\/liquencentroculturalvillarrica.cl\/#website\"},\"primaryImageOfPage\":{\"@id\":\"https:\/\/liquencentroculturalvillarrica.cl\/?page_id=174#primaryimage\"},\"image\":{\"@id\":\"https:\/\/liquencentroculturalvillarrica.cl\/?page_id=174#primaryimage\"},\"thumbnailUrl\":\"https:\/\/liquencentroculturalvillarrica.cl\/wp-content\/uploads\/2023\/08\/Mesa-de-trabajo-1.jpg\",\"datePublished\":\"2023-05-07T23:45:43+00:00\",\"dateModified\":\"2026-04-09T16:15:02+00:00\",\"description\":\"Somos un equipo mandatado para abrir las puertas del Centro Cultural Liquen, a todas las expresiones art\u00edsticas de la comuna.\",\"breadcrumb\":{\"@id\":\"https:\/\/liquencentroculturalvillarrica.cl\/?page_id=174#breadcrumb\"},\"inLanguage\":\"es\",\"potentialAction\":[{\"@type\":\"ReadAction\",\"target\":[\"https:\/\/liquencentroculturalvillarrica.cl\/?page_id=174\"]}]},{\"@type\":\"ImageObject\",\"inLanguage\":\"es\",\"@id\":\"https:\/\/liquencentroculturalvillarrica.cl\/?page_id=174#primaryimage\",\"url\":\"https:\/\/liquencentroculturalvillarrica.cl\/wp-content\/uploads\/2023\/08\/Mesa-de-trabajo-1.jpg\",\"contentUrl\":\"https:\/\/liquencentroculturalvillarrica.cl\/wp-content\/uploads\/2023\/08\/Mesa-de-trabajo-1.jpg\",\"width\":1280,\"height\":567},{\"@type\":\"BreadcrumbList\",\"@id\":\"https:\/\/liquencentroculturalvillarrica.cl\/?page_id=174#breadcrumb\",\"itemListElement\":[{\"@type\":\"ListItem\",\"position\":1,\"name\":\"Portada\",\"item\":\"https:\/\/liquencentroculturalvillarrica.cl\/\"},{\"@type\":\"ListItem\",\"position\":2,\"name\":\"Quienes Somos\"}]},{\"@type\":\"WebSite\",\"@id\":\"https:\/\/liquencentroculturalvillarrica.cl\/#website\",\"url\":\"https:\/\/liquencentroculturalvillarrica.cl\/\",\"name\":\"Liquen Centro Cultural\",\"description\":\"\",\"publisher\":{\"@id\":\"https:\/\/liquencentroculturalvillarrica.cl\/#organization\"},\"potentialAction\":[{\"@type\":\"SearchAction\",\"target\":{\"@type\":\"EntryPoint\",\"urlTemplate\":\"https:\/\/liquencentroculturalvillarrica.cl\/?s={search_term_string}\"},\"query-input\":{\"@type\":\"PropertyValueSpecification\",\"valueRequired\":true,\"valueName\":\"search_term_string\"}}],\"inLanguage\":\"es\"},{\"@type\":\"Organization\",\"@id\":\"https:\/\/liquencentroculturalvillarrica.cl\/#organization\",\"name\":\"Liquen Centro Cultural\",\"url\":\"https:\/\/liquencentroculturalvillarrica.cl\/\",\"logo\":{\"@type\":\"ImageObject\",\"inLanguage\":\"es\",\"@id\":\"https:\/\/liquencentroculturalvillarrica.cl\/#\/schema\/logo\/image\/\",\"url\":\"https:\/\/liquencentroculturalvillarrica.cl\/wp-content\/uploads\/2023\/07\/Marca-Liquen-Centro-Cultural-Municipal-Villarrica2-1_Mesa-de-trabajo-1.png\",\"contentUrl\":\"https:\/\/liquencentroculturalvillarrica.cl\/wp-content\/uploads\/2023\/07\/Marca-Liquen-Centro-Cultural-Municipal-Villarrica2-1_Mesa-de-trabajo-1.png\",\"width\":3300,\"height\":2550,\"caption\":\"Liquen Centro Cultural\"},\"image\":{\"@id\":\"https:\/\/liquencentroculturalvillarrica.cl\/#\/schema\/logo\/image\/\"},\"sameAs\":[\"https:\/\/www.facebook.com\/profile.php?id=100085283714609\",\"https:\/\/www.instagram.com\/villarricacentrocultural\/\",\"https:\/\/www.youtube.com\/channel\/UCQCChCLB8KB4ckeIXmpHNQw\"]}]}<\/script>\n<!-- \/ Yoast SEO plugin. -->","yoast_head_json":{"title":"Quienes Somos - Liquen Centro Cultural","description":"Somos un equipo mandatado para abrir las puertas del Centro Cultural Liquen, a todas las expresiones art\u00edsticas de la comuna.","robots":{"index":"index","follow":"follow","max-snippet":"max-snippet:-1","max-image-preview":"max-image-preview:large","max-video-preview":"max-video-preview:-1"},"canonical":"https:\/\/liquencentroculturalvillarrica.cl\/?page_id=174","og_locale":"es_ES","og_type":"article","og_title":"Quienes Somos - Liquen Centro Cultural","og_description":"Somos un equipo mandatado para abrir las puertas del Centro Cultural Liquen, a todas las expresiones art\u00edsticas de la comuna.","og_url":"https:\/\/liquencentroculturalvillarrica.cl\/?page_id=174","og_site_name":"Liquen Centro Cultural","article_publisher":"https:\/\/www.facebook.com\/profile.php?id=100085283714609","article_modified_time":"2026-04-09T16:15:02+00:00","og_image":[{"width":1280,"height":567,"url":"https:\/\/liquencentroculturalvillarrica.cl\/wp-content\/uploads\/2023\/08\/Mesa-de-trabajo-1.jpg","type":"image\/jpeg"}],"twitter_card":"summary_large_image","twitter_misc":{"Tiempo de lectura":"4 minutos"},"schema":{"@context":"https:\/\/schema.org","@graph":[{"@type":"WebPage","@id":"https:\/\/liquencentroculturalvillarrica.cl\/?page_id=174","url":"https:\/\/liquencentroculturalvillarrica.cl\/?page_id=174","name":"Quienes Somos - Liquen Centro Cultural","isPartOf":{"@id":"https:\/\/liquencentroculturalvillarrica.cl\/#website"},"primaryImageOfPage":{"@id":"https:\/\/liquencentroculturalvillarrica.cl\/?page_id=174#primaryimage"},"image":{"@id":"https:\/\/liquencentroculturalvillarrica.cl\/?page_id=174#primaryimage"},"thumbnailUrl":"https:\/\/liquencentroculturalvillarrica.cl\/wp-content\/uploads\/2023\/08\/Mesa-de-trabajo-1.jpg","datePublished":"2023-05-07T23:45:43+00:00","dateModified":"2026-04-09T16:15:02+00:00","description":"Somos un equipo mandatado para abrir las puertas del Centro Cultural Liquen, a todas las expresiones art\u00edsticas de la comuna.","breadcrumb":{"@id":"https:\/\/liquencentroculturalvillarrica.cl\/?page_id=174#breadcrumb"},"inLanguage":"es","potentialAction":[{"@type":"ReadAction","target":["https:\/\/liquencentroculturalvillarrica.cl\/?page_id=174"]}]},{"@type":"ImageObject","inLanguage":"es","@id":"https:\/\/liquencentroculturalvillarrica.cl\/?page_id=174#primaryimage","url":"https:\/\/liquencentroculturalvillarrica.cl\/wp-content\/uploads\/2023\/08\/Mesa-de-trabajo-1.jpg","contentUrl":"https:\/\/liquencentroculturalvillarrica.cl\/wp-content\/uploads\/2023\/08\/Mesa-de-trabajo-1.jpg","width":1280,"height":567},{"@type":"BreadcrumbList","@id":"https:\/\/liquencentroculturalvillarrica.cl\/?page_id=174#breadcrumb","itemListElement":[{"@type":"ListItem","position":1,"name":"Portada","item":"https:\/\/liquencentroculturalvillarrica.cl\/"},{"@type":"ListItem","position":2,"name":"Quienes Somos"}]},{"@type":"WebSite","@id":"https:\/\/liquencentroculturalvillarrica.cl\/#website","url":"https:\/\/liquencentroculturalvillarrica.cl\/","name":"Liquen Centro Cultural","description":"","publisher":{"@id":"https:\/\/liquencentroculturalvillarrica.cl\/#organization"},"potentialAction":[{"@type":"SearchAction","target":{"@type":"EntryPoint","urlTemplate":"https:\/\/liquencentroculturalvillarrica.cl\/?s={search_term_string}"},"query-input":{"@type":"PropertyValueSpecification","valueRequired":true,"valueName":"search_term_string"}}],"inLanguage":"es"},{"@type":"Organization","@id":"https:\/\/liquencentroculturalvillarrica.cl\/#organization","name":"Liquen Centro Cultural","url":"https:\/\/liquencentroculturalvillarrica.cl\/","logo":{"@type":"ImageObject","inLanguage":"es","@id":"https:\/\/liquencentroculturalvillarrica.cl\/#\/schema\/logo\/image\/","url":"https:\/\/liquencentroculturalvillarrica.cl\/wp-content\/uploads\/2023\/07\/Marca-Liquen-Centro-Cultural-Municipal-Villarrica2-1_Mesa-de-trabajo-1.png","contentUrl":"https:\/\/liquencentroculturalvillarrica.cl\/wp-content\/uploads\/2023\/07\/Marca-Liquen-Centro-Cultural-Municipal-Villarrica2-1_Mesa-de-trabajo-1.png","width":3300,"height":2550,"caption":"Liquen Centro Cultural"},"image":{"@id":"https:\/\/liquencentroculturalvillarrica.cl\/#\/schema\/logo\/image\/"},"sameAs":["https:\/\/www.facebook.com\/profile.php?id=100085283714609","https:\/\/www.instagram.com\/villarricacentrocultural\/","https:\/\/www.youtube.com\/channel\/UCQCChCLB8KB4ckeIXmpHNQw"]}]}},"featured_image_src":null,"featured_image_src_square":null,"_links":{"self":[{"href":"https:\/\/liquencentroculturalvillarrica.cl\/index.php?rest_route=\/wp\/v2\/pages\/174","targetHints":{"allow":["GET"]}}],"collection":[{"href":"https:\/\/liquencentroculturalvillarrica.cl\/index.php?rest_route=\/wp\/v2\/pages"}],"about":[{"href":"https:\/\/liquencentroculturalvillarrica.cl\/index.php?rest_route=\/wp\/v2\/types\/page"}],"author":[{"embeddable":true,"href":"https:\/\/liquencentroculturalvillarrica.cl\/index.php?rest_route=\/wp\/v2\/users\/1"}],"replies":[{"embeddable":true,"href":"https:\/\/liquencentroculturalvillarrica.cl\/index.php?rest_route=%2Fwp%2Fv2%2Fcomments&post=174"}],"version-history":[{"count":119,"href":"https:\/\/liquencentroculturalvillarrica.cl\/index.php?rest_route=\/wp\/v2\/pages\/174\/revisions"}],"predecessor-version":[{"id":4553,"href":"https:\/\/liquencentroculturalvillarrica.cl\/index.php?rest_route=\/wp\/v2\/pages\/174\/revisions\/4553"}],"wp:attachment":[{"href":"https:\/\/liquencentroculturalvillarrica.cl\/index.php?rest_route=%2Fwp%2Fv2%2Fmedia&parent=174"}],"curies":[{"name":"wp","href":"https:\/\/api.w.org\/{rel}","templated":true}]}}